{"id":3677,"date":"2023-08-09T09:42:36","date_gmt":"2023-08-09T07:42:36","guid":{"rendered":"https:\/\/ladrillerias.es\/avis-legal\/"},"modified":"2026-04-24T09:58:52","modified_gmt":"2026-04-24T07:58:52","slug":"avis-legal","status":"publish","type":"page","link":"https:\/\/ladrillerias.es\/ca\/avis-legal\/","title":{"rendered":"Av\u00eds legal"},"content":{"rendered":"\t\t<div data-elementor-type=\"wp-page\" data-elementor-id=\"3677\" class=\"elementor elementor-3677 elementor-369\" data-elementor-post-type=\"page\">\n\t\t\t\t\t\t<section class=\"elementor-section elementor-top-section elementor-element elementor-element-beb3c0f elementor-section-boxed elementor-section-height-default elementor-section-height-default\" data-id=\"beb3c0f\" data-element_type=\"section\">\n\t\t\t\t\t\t<div class=\"elementor-container elementor-column-gap-default\">\n\t\t\t\t\t<div class=\"elementor-column elementor-col-100 elementor-top-column elementor-element elementor-element-d75191a\" data-id=\"d75191a\" data-element_type=\"column\">\n\t\t\t<div class=\"elementor-widget-wrap elementor-element-populated\">\n\t\t\t\t\t\t<div class=\"elementor-element elementor-element-d0a9ad8 elementor-widget elementor-widget-text-editor\" data-id=\"d0a9ad8\" data-element_type=\"widget\" data-widget_type=\"text-editor.default\">\n\t\t\t\t<div class=\"elementor-widget-container\">\n\t\t\t<style>\/*! elementor - v3.23.0 - 15-07-2024 *\/\n.elementor-widget-text-editor.elementor-drop-cap-view-stacked .elementor-drop-cap{background-color:#69727d;color:#fff}.elementor-widget-text-editor.elementor-drop-cap-view-framed .elementor-drop-cap{color:#69727d;border:3px solid;background-color:transparent}.elementor-widget-text-editor:not(.elementor-drop-cap-view-default) .elementor-drop-cap{margin-top:8px}.elementor-widget-text-editor:not(.elementor-drop-cap-view-default) .elementor-drop-cap-letter{width:1em;height:1em}.elementor-widget-text-editor .elementor-drop-cap{float:left;text-align:center;line-height:1;font-size:50px}.elementor-widget-text-editor .elementor-drop-cap-letter{display:inline-block}<\/style>\t\t\t\t<p><b>1. Identificaci\u00f3 i contacte del propietari de la web.<\/b><\/p>\n<p><a style=\"font-family: var( --e-global-typography-text-font-family ), Sans-serif; font-size: var( --e-global-typography-text-font-size ); font-weight: var( --e-global-typography-text-font-weight ); background-color: #ffffff;\" href=\"http:\/\/www.ladrillerias.es\" rel=\"noopener\">www.ladrillerias.es<\/a>&nbsp;(d&#8217;ara endavant la web), \u00e9s propietat de LADRILLERIAS MALLORQUINES S.A. (d&#8217;ara endavant el Titular) amb domicili en Ctra. Felanitx-Petra, km 1, 07200, Felanitx, Illes Balears, amb CIF A07004443, tel\u00e8fon&nbsp;<a href=\"http:\/\/tel:(+34)%20971%2058%2003%2085\" target=\"_blank\" rel=\"noopener\">(+34) 971 58 03 85<\/a>&nbsp;i correu electr\u00f2nic&nbsp;<a href=\"mailto:infotecnica@ladrillerias.com\" target=\"_blank\" rel=\"noopener\">infotecnica@ladrillerias.com<\/a>&nbsp;&nbsp;<\/p>\n<p>Altres dades del propietari:<\/p>\n<p>Inscrita en el Registre Mercantil de Palma, Tom 25, Llibre 21, Foli 171, Fulla 1143, Inscripci\u00f3 1a.<\/p><p><br><\/p>\n<p><\/p>\n<p><b>2. \u00c0mbit d&#8217;aplicaci\u00f3.<\/b><\/p>\n<p>La navegaci\u00f3 pel lloc web del Titular implica assumir la condici\u00f3 d&#8217;usuari i l\u2019acceptaci\u00f3 absoluta del que s\u2019estableix en aquest Av\u00eds Legal.<\/p><p><br><\/p>\n<p><b>3. Edat.<\/b><\/p>\n<p>En la nostra web no tractem dades de menors de catorze anys.&nbsp;<\/p><p><br><\/p>\n<p><b>4. Propietat intel\u00b7lectual o industrial.<\/b><\/p>\n<p>Els continguts de la Web, per exemple textos, imatges, gr\u00e0fics o codi font, estan protegits per drets de propietat intel\u00b7lectual i industrial.<\/p>\n<p>Aquests continguts no podran ser, per exemple, reprodu\u00efts o transformats sense el perm\u00eds previ i expl\u00edcit del Titular. Els usuaris poden accedir als continguts i realitzar c\u00f2pies privades autoritzades sempre que els elements reprodu\u00efts no siguin cedits posteriorment a tercers, ni s&#8217;instal\u00b7lin en servidors en xarxa, ni ser objecte de cap mena d&#8217;explotaci\u00f3. <\/p><p><br><\/p>\n<p><b>5. Normes comunes d&#8217;\u00fas de la web.<\/b><\/p>\n<p>L&#8217;usuari es compromet a fer un \u00fas de la Web d&#8217;acord amb les seg\u00fcents normes:<\/p>\n<p>No publicar\u00e0 comunicacions comercials a trav\u00e9s del lloc web.<\/p>\n<p>No recopilar\u00e0 contingut o informaci\u00f3 d&#8217;altres usuaris.<\/p>\n<p>No carregar\u00e0 virus ni codi malintencionat de cap mena.<\/p>\n<p>No sol\u00b7licitar\u00e0 informaci\u00f3 d&#8217;inici de sessi\u00f3 ni accedir\u00e0 a un compte pertanyent a un altre usuari.<\/p>\n<p>No realitzar\u00e0 actes il\u00b7l\u00edcits, enganyosos, malintencionats o discriminatoris en el lloc web, d&#8217;acord amb aquestes condicions i a l&#8217;ordenament jur\u00eddic espanyol.<\/p>\n<p>En general, no realitzar\u00e0 actes que suposin danys o lesions dels drets de tercers.<\/p>\n<p>El Titular podr\u00e0 eliminar qualsevol contingut o suspendre el servei si, segons el seu propi criteri, incompleix qualsevol de les normes i obligacions descrites en aquest Av\u00eds Legal.<\/p>\n<p>Per a qualsevol consulta o aclariment sobre aquestes normes pot contactar-nos via email.<\/p><p><br><\/p>\n<p><b>6. Enlla\u00e7os i limitaci\u00f3 de responsabilitat.<\/b><\/p>\n<p>L&#8217;establiment d&#8217;un enlla\u00e7 no implica en cap cas l&#8217;exist\u00e8ncia de relacions entre el Titular i el propietari del lloc web en la qual s&#8217;estableixi, ni l&#8217;acceptaci\u00f3 i aprovaci\u00f3 per part del Titular dels seus continguts o serveis. Aquelles persones que es proposin establir un enlla\u00e7, pr\u00e8viament hauran de sol\u00b7licitar autoritzaci\u00f3 per escrit al Titular. En tot cas, l&#8217;enlla\u00e7 \u00fanicament permetr\u00e0 l&#8217;acc\u00e9s a la p\u00e0gina d&#8217;inici del nostre lloc web. Aix\u00ed mateix, haur\u00e0 d&#8217;abstenir-se de realitzar manifestacions o indicacions falses, inexactes o incorrectes sobre el Titular, o incloure continguts il\u00b7l\u00edcits, contraris als bons costums i a l&#8217;ordre p\u00fablic.   <\/p>\n<p>El Titular no es responsabilitza de l&#8217;\u00fas que cada usuari li doni als materials posats a disposici\u00f3 en aquest lloc web ni de les actuacions que realitzi sobre la base d&#8217;aquests. El contingut de la Web \u00e9s de car\u00e0cter general i merament informatiu. <\/p>\n<p>El Titular no assumir\u00e0 responsabilitat pel contingut o funcionament de webs de tercers als quals l&#8217;usuari del lloc web pugui accedir mitjan\u00e7ant qualsevol tipus d&#8217;enlla\u00e7.<\/p>\n<p>El Titular declina qualsevol responsabilitat, fins on permeti l&#8217;ordenament jur\u00eddic, pels danys i perjudicis derivats de la pres\u00e8ncia de virus, de les actuacions de tercers que vulnerin drets de propietat, a l&#8217;honor, a la intimitat o sobre publicitat il\u00b7l\u00edcita.<\/p>\n<p>Si algun usuari o tercer considera que en la Web s&#8217;est\u00e0 cometent algun il\u00b7l\u00edcit de qualsevol tipus, ha d\u2019enviar una comunicaci\u00f3 al Titular a l&#8217;adre\u00e7a d&#8217;email que apareix en les nostres dades identificatives. Haur\u00e0 d&#8217;identificar-se degudament, especificant els fets que den\u00fancia. <\/p><p><br><\/p>\n<p><b>7. Privacitat.<\/b><\/p>\n<p>Si en la Web es recaptessin dades personals, el Titular ser\u00e0 responsable dels mateixos i els tractar\u00e0 amb absoluta confidencialitat i seguretat. Podr\u00e0 trobar m\u00e9s informaci\u00f3 en la nostra pol\u00edtica de privacitat i cookies. <\/p><p><br><\/p>\n<p><b>8. Modificacions<\/b><\/p>\n<p>El Titular es reserva el dret a realitzar les modificacions que consideri oportunes, sense av\u00eds previ, en el contingut del seu lloc web. Tant referent als continguts del lloc web, com en les condicions d&#8217;\u00fas d&#8217;aquest, o en les condicions generals de contractaci\u00f3. Aquestes modificacions podran realitzar-se a trav\u00e9s del seu lloc web per qualsevol forma admissible en dret i seran d&#8217;obligat compliment durant el temps en qu\u00e8 es trobin publicades en el web i fins que no siguin modificades v\u00e0lidament per altres posteriors.  <\/p><p><br><\/p>\n<p><b>9. Legislaci\u00f3 aplicable, soluci\u00f3 de q\u00fcestions controvertides i f\u00f2rum competent.<\/b><\/p>\n<p>L&#8217;\u00fas de la Web es regir\u00e0 per la legislaci\u00f3 espanyola. Qualsevol controv\u00e8rsia que sorgeixi o guardi relaci\u00f3 amb l&#8217;\u00fas de la Web, ser\u00e0 sotm\u00e8s a la jurisdicci\u00f3 no exclusiva dels Jutjats i Tribunals del municipi on radica el domicili social del Titular. <\/p>\t\t\t\t\t\t<\/div>\n\t\t\t\t<\/div>\n\t\t\t\t\t<\/div>\n\t\t<\/div>\n\t\t\t\t\t<\/div>\n\t\t<\/section>\n\t\t\t\t<\/div>\n\t\t","protected":false},"excerpt":{"rendered":"<p>1. Identificaci\u00f3 i contacte del propietari de la web. www.ladrillerias.es&nbsp;(d&#8217;ara endavant la web), \u00e9s propietat de LADRILLERIAS MALLORQUINES S.A. (d&#8217;ara endavant el Titular) amb domicili en Ctra. Felanitx-Petra, km 1, 07200, Felanitx, Illes Balears, amb CIF A07004443, tel\u00e8fon&nbsp;(+34) 971 58 03 85&nbsp;i correu electr\u00f2nic&nbsp;infotecnica@ladrillerias.com&nbsp;&nbsp; Altres dades del propietari: Inscrita en el Registre Mercantil de Palma, [&hellip;]<\/p>\n","protected":false},"author":1,"featured_media":3652,"parent":0,"menu_order":0,"comment_status":"closed","ping_status":"closed","template":"","meta":{"_acf_changed":false,"footnotes":""},"class_list":["post-3677","page","type-page","status-publish","has-post-thumbnail","hentry"],"acf":[],"yoast_head":"<!-- This site is optimized with the Yoast SEO plugin v23.1 - https:\/\/yoast.com\/wordpress\/plugins\/seo\/ -->\n<title>Av\u00eds legal - Ladrillerias Mallorquinas<\/title>\n<meta name=\"robots\" content=\"noindex, nofollow\" \/>\n<meta property=\"og:locale\" content=\"ca_ES\" \/>\n<meta property=\"og:type\" content=\"article\" \/>\n<meta property=\"og:title\" content=\"Av\u00eds legal - Ladrillerias Mallorquinas\" \/>\n<meta property=\"og:description\" content=\"1. Identificaci\u00f3 i contacte del propietari de la web. www.ladrillerias.es&nbsp;(d&#8217;ara endavant la web), \u00e9s propietat de LADRILLERIAS MALLORQUINES S.A. (d&#8217;ara endavant el Titular) amb domicili en Ctra. Felanitx-Petra, km 1, 07200, Felanitx, Illes Balears, amb CIF A07004443, tel\u00e8fon&nbsp;(+34) 971 58 03 85&nbsp;i correu electr\u00f2nic&nbsp;infotecnica@ladrillerias.com&nbsp;&nbsp; Altres dades del propietari: Inscrita en el Registre Mercantil de Palma, [&hellip;]\" \/>\n<meta property=\"og:url\" content=\"https:\/\/ladrillerias.es\/ca\/avis-legal\/\" \/>\n<meta property=\"og:site_name\" content=\"Ladrillerias Mallorquinas\" \/>\n<meta property=\"article:modified_time\" content=\"2026-04-24T07:58:52+00:00\" \/>\n<meta property=\"og:image\" content=\"https:\/\/ladrillerias.es\/wp-content\/uploads\/2024\/04\/avisos-legales-scaled.webp\" \/>\n\t<meta property=\"og:image:width\" content=\"2560\" \/>\n\t<meta property=\"og:image:height\" content=\"1709\" \/>\n\t<meta property=\"og:image:type\" content=\"image\/webp\" \/>\n<meta name=\"twitter:card\" content=\"summary_large_image\" \/>\n<meta name=\"twitter:label1\" content=\"Temps estimat de lectura\" \/>\n\t<meta name=\"twitter:data1\" content=\"4 minuts\" \/>\n<script type=\"application\/ld+json\" class=\"yoast-schema-graph\">{\"@context\":\"https:\/\/schema.org\",\"@graph\":[{\"@type\":\"WebPage\",\"@id\":\"https:\/\/ladrillerias.es\/ca\/avis-legal\/\",\"url\":\"https:\/\/ladrillerias.es\/ca\/avis-legal\/\",\"name\":\"Av\u00eds legal - Ladrillerias Mallorquinas\",\"isPartOf\":{\"@id\":\"https:\/\/ladrillerias.es\/ca\/#website\"},\"primaryImageOfPage\":{\"@id\":\"https:\/\/ladrillerias.es\/ca\/avis-legal\/#primaryimage\"},\"image\":{\"@id\":\"https:\/\/ladrillerias.es\/ca\/avis-legal\/#primaryimage\"},\"thumbnailUrl\":\"https:\/\/ladrillerias.es\/wp-content\/uploads\/2024\/04\/avisos-legales-scaled.webp\",\"datePublished\":\"2023-08-09T07:42:36+00:00\",\"dateModified\":\"2026-04-24T07:58:52+00:00\",\"breadcrumb\":{\"@id\":\"https:\/\/ladrillerias.es\/ca\/avis-legal\/#breadcrumb\"},\"inLanguage\":\"ca\",\"potentialAction\":[{\"@type\":\"ReadAction\",\"target\":[\"https:\/\/ladrillerias.es\/ca\/avis-legal\/\"]}]},{\"@type\":\"ImageObject\",\"inLanguage\":\"ca\",\"@id\":\"https:\/\/ladrillerias.es\/ca\/avis-legal\/#primaryimage\",\"url\":\"https:\/\/ladrillerias.es\/wp-content\/uploads\/2024\/04\/avisos-legales-scaled.webp\",\"contentUrl\":\"https:\/\/ladrillerias.es\/wp-content\/uploads\/2024\/04\/avisos-legales-scaled.webp\",\"width\":2560,\"height\":1709},{\"@type\":\"BreadcrumbList\",\"@id\":\"https:\/\/ladrillerias.es\/ca\/avis-legal\/#breadcrumb\",\"itemListElement\":[{\"@type\":\"ListItem\",\"position\":1,\"name\":\"Inicio\",\"item\":\"https:\/\/ladrillerias.es\/ca\/\"},{\"@type\":\"ListItem\",\"position\":2,\"name\":\"Av\u00eds legal\"}]},{\"@type\":\"WebSite\",\"@id\":\"https:\/\/ladrillerias.es\/ca\/#website\",\"url\":\"https:\/\/ladrillerias.es\/ca\/\",\"name\":\"Ladrillerias Mallorquinas\",\"description\":\"\",\"publisher\":{\"@id\":\"https:\/\/ladrillerias.es\/ca\/#organization\"},\"potentialAction\":[{\"@type\":\"SearchAction\",\"target\":{\"@type\":\"EntryPoint\",\"urlTemplate\":\"https:\/\/ladrillerias.es\/ca\/?s={search_term_string}\"},\"query-input\":\"required name=search_term_string\"}],\"inLanguage\":\"ca\"},{\"@type\":\"Organization\",\"@id\":\"https:\/\/ladrillerias.es\/ca\/#organization\",\"name\":\"Ladrillerias Mallorquinas\",\"url\":\"https:\/\/ladrillerias.es\/ca\/\",\"logo\":{\"@type\":\"ImageObject\",\"inLanguage\":\"ca\",\"@id\":\"https:\/\/ladrillerias.es\/ca\/#\/schema\/logo\/image\/\",\"url\":\"https:\/\/ladrillerias-mallorquinas.fra1.digitaloceanspaces.com\/wp-content\/uploads\/2023\/07\/logo-ladrillerias-mallorquinas.png\",\"contentUrl\":\"https:\/\/ladrillerias-mallorquinas.fra1.digitaloceanspaces.com\/wp-content\/uploads\/2023\/07\/logo-ladrillerias-mallorquinas.png\",\"width\":176,\"height\":177,\"caption\":\"Ladrillerias Mallorquinas\"},\"image\":{\"@id\":\"https:\/\/ladrillerias.es\/ca\/#\/schema\/logo\/image\/\"}}]}<\/script>\n<!-- \/ Yoast SEO plugin. -->","yoast_head_json":{"title":"Av\u00eds legal - Ladrillerias Mallorquinas","robots":{"index":"noindex","follow":"nofollow"},"og_locale":"ca_ES","og_type":"article","og_title":"Av\u00eds legal - Ladrillerias Mallorquinas","og_description":"1. Identificaci\u00f3 i contacte del propietari de la web. www.ladrillerias.es&nbsp;(d&#8217;ara endavant la web), \u00e9s propietat de LADRILLERIAS MALLORQUINES S.A. (d&#8217;ara endavant el Titular) amb domicili en Ctra. Felanitx-Petra, km 1, 07200, Felanitx, Illes Balears, amb CIF A07004443, tel\u00e8fon&nbsp;(+34) 971 58 03 85&nbsp;i correu electr\u00f2nic&nbsp;infotecnica@ladrillerias.com&nbsp;&nbsp; Altres dades del propietari: Inscrita en el Registre Mercantil de Palma, [&hellip;]","og_url":"https:\/\/ladrillerias.es\/ca\/avis-legal\/","og_site_name":"Ladrillerias Mallorquinas","article_modified_time":"2026-04-24T07:58:52+00:00","og_image":[{"width":2560,"height":1709,"url":"https:\/\/ladrillerias.es\/wp-content\/uploads\/2024\/04\/avisos-legales-scaled.webp","type":"image\/webp"}],"twitter_card":"summary_large_image","twitter_misc":{"Temps estimat de lectura":"4 minuts"},"schema":{"@context":"https:\/\/schema.org","@graph":[{"@type":"WebPage","@id":"https:\/\/ladrillerias.es\/ca\/avis-legal\/","url":"https:\/\/ladrillerias.es\/ca\/avis-legal\/","name":"Av\u00eds legal - Ladrillerias Mallorquinas","isPartOf":{"@id":"https:\/\/ladrillerias.es\/ca\/#website"},"primaryImageOfPage":{"@id":"https:\/\/ladrillerias.es\/ca\/avis-legal\/#primaryimage"},"image":{"@id":"https:\/\/ladrillerias.es\/ca\/avis-legal\/#primaryimage"},"thumbnailUrl":"https:\/\/ladrillerias.es\/wp-content\/uploads\/2024\/04\/avisos-legales-scaled.webp","datePublished":"2023-08-09T07:42:36+00:00","dateModified":"2026-04-24T07:58:52+00:00","breadcrumb":{"@id":"https:\/\/ladrillerias.es\/ca\/avis-legal\/#breadcrumb"},"inLanguage":"ca","potentialAction":[{"@type":"ReadAction","target":["https:\/\/ladrillerias.es\/ca\/avis-legal\/"]}]},{"@type":"ImageObject","inLanguage":"ca","@id":"https:\/\/ladrillerias.es\/ca\/avis-legal\/#primaryimage","url":"https:\/\/ladrillerias.es\/wp-content\/uploads\/2024\/04\/avisos-legales-scaled.webp","contentUrl":"https:\/\/ladrillerias.es\/wp-content\/uploads\/2024\/04\/avisos-legales-scaled.webp","width":2560,"height":1709},{"@type":"BreadcrumbList","@id":"https:\/\/ladrillerias.es\/ca\/avis-legal\/#breadcrumb","itemListElement":[{"@type":"ListItem","position":1,"name":"Inicio","item":"https:\/\/ladrillerias.es\/ca\/"},{"@type":"ListItem","position":2,"name":"Av\u00eds legal"}]},{"@type":"WebSite","@id":"https:\/\/ladrillerias.es\/ca\/#website","url":"https:\/\/ladrillerias.es\/ca\/","name":"Ladrillerias Mallorquinas","description":"","publisher":{"@id":"https:\/\/ladrillerias.es\/ca\/#organization"},"potentialAction":[{"@type":"SearchAction","target":{"@type":"EntryPoint","urlTemplate":"https:\/\/ladrillerias.es\/ca\/?s={search_term_string}"},"query-input":"required name=search_term_string"}],"inLanguage":"ca"},{"@type":"Organization","@id":"https:\/\/ladrillerias.es\/ca\/#organization","name":"Ladrillerias Mallorquinas","url":"https:\/\/ladrillerias.es\/ca\/","logo":{"@type":"ImageObject","inLanguage":"ca","@id":"https:\/\/ladrillerias.es\/ca\/#\/schema\/logo\/image\/","url":"https:\/\/ladrillerias-mallorquinas.fra1.digitaloceanspaces.com\/wp-content\/uploads\/2023\/07\/logo-ladrillerias-mallorquinas.png","contentUrl":"https:\/\/ladrillerias-mallorquinas.fra1.digitaloceanspaces.com\/wp-content\/uploads\/2023\/07\/logo-ladrillerias-mallorquinas.png","width":176,"height":177,"caption":"Ladrillerias Mallorquinas"},"image":{"@id":"https:\/\/ladrillerias.es\/ca\/#\/schema\/logo\/image\/"}}]}},"_links":{"self":[{"href":"https:\/\/ladrillerias.es\/ca\/wp-json\/wp\/v2\/pages\/3677","targetHints":{"allow":["GET"]}}],"collection":[{"href":"https:\/\/ladrillerias.es\/ca\/wp-json\/wp\/v2\/pages"}],"about":[{"href":"https:\/\/ladrillerias.es\/ca\/wp-json\/wp\/v2\/types\/page"}],"author":[{"embeddable":true,"href":"https:\/\/ladrillerias.es\/ca\/wp-json\/wp\/v2\/users\/1"}],"replies":[{"embeddable":true,"href":"https:\/\/ladrillerias.es\/ca\/wp-json\/wp\/v2\/comments?post=3677"}],"version-history":[{"count":3,"href":"https:\/\/ladrillerias.es\/ca\/wp-json\/wp\/v2\/pages\/3677\/revisions"}],"predecessor-version":[{"id":3680,"href":"https:\/\/ladrillerias.es\/ca\/wp-json\/wp\/v2\/pages\/3677\/revisions\/3680"}],"wp:featuredmedia":[{"embeddable":true,"href":"https:\/\/ladrillerias.es\/ca\/wp-json\/wp\/v2\/media\/3652"}],"wp:attachment":[{"href":"https:\/\/ladrillerias.es\/ca\/wp-json\/wp\/v2\/media?parent=3677"}],"curies":[{"name":"wp","href":"https:\/\/api.w.org\/{rel}","templated":true}]}}